{"id":412,"date":"2024-02-13T22:46:32","date_gmt":"2024-02-13T22:46:32","guid":{"rendered":"https:\/\/sistemasgerenciais4.com.br\/escoladolegislativo\/?page_id=412"},"modified":"2024-02-13T22:50:22","modified_gmt":"2024-02-13T22:50:22","slug":"parlamento-jovem","status":"publish","type":"page","link":"https:\/\/sistemasgerenciais4.com.br\/escoladolegislativo\/parlamento-jovem\/","title":{"rendered":"Parlamento Jovem"},"content":{"rendered":"\t\t<div data-elementor-type=\"wp-page\" data-elementor-id=\"412\" class=\"elementor elementor-412\" data-elementor-post-type=\"page\">\n\t\t\t\t\t\t\t<div class=\"elementor-element elementor-element-171b2b32 e-flex e-con-boxed e-con e-parent\" data-id=\"171b2b32\" data-element_type=\"container\" data-settings=\"{&quot;content_width&quot;:&quot;boxed&quot;}\" data-core-v316-plus=\"true\">\n\t\t\t\t\t<div class=\"e-con-inner\">\n\t\t<div class=\"elementor-element elementor-element-7ce249b e-con-full e-flex e-con e-child\" data-id=\"7ce249b\" data-element_type=\"container\" data-settings=\"{&quot;content_width&quot;:&quot;full&quot;}\">\n\t\t\t\t<div class=\"elementor-element elementor-element-2f9aa8de elementor-widget elementor-widget-text-editor\" data-id=\"2f9aa8de\" data-element_type=\"widget\" data-widget_type=\"text-editor.default\">\n\t\t\t\t<div class=\"elementor-widget-container\">\n\t\t\t<style>\/*! elementor - v3.16.0 - 17-10-2023 *\/\n.elementor-widget-text-editor.elementor-drop-cap-view-stacked .elementor-drop-cap{background-color:#69727d;color:#fff}.elementor-widget-text-editor.elementor-drop-cap-view-framed .elementor-drop-cap{color:#69727d;border:3px solid;background-color:transparent}.elementor-widget-text-editor:not(.elementor-drop-cap-view-default) .elementor-drop-cap{margin-top:8px}.elementor-widget-text-editor:not(.elementor-drop-cap-view-default) .elementor-drop-cap-letter{width:1em;height:1em}.elementor-widget-text-editor .elementor-drop-cap{float:left;text-align:center;line-height:1;font-size:50px}.elementor-widget-text-editor .elementor-drop-cap-letter{display:inline-block}<\/style>\t\t\t\t<p><strong>&#8211; Conhe\u00e7a o Instagram do nosso polo: <span style=\"color: #3366ff;\"><a style=\"color: #3366ff;\" href=\"https:\/\/www.instagram.com\/conexaosul_pjminas\" target=\"_blank\" rel=\"noopener\">@conexaosul_pjminas<\/a><\/span><\/strong><\/p><p>O objetivo do Parlamento Jovem \u00e9 despertar nos adolescentes a vontade de contribuir com a sociedade, por meio da participa\u00e7\u00e3o pol\u00edtica. Por isso, eles s\u00e3o trazidos para dentro da C\u00e2mara Municipal de S\u00e3o Louren\u00e7o, onde participam de diversas oficinas. Por meio do projeto, estudantes do Ensino M\u00e9dio elaboram propostas reais de mudan\u00e7a para o estado, que s\u00e3o levadas por eles mesmos \u00e0 Assembleia Legislativa de Minas Gerais (ALMG), em Belo Horizonte, e podem se tornar leis, emendas parlamentares, requerimentos e anteprojetos, como j\u00e1 aconteceu em edi\u00e7\u00f5es anteriores.<\/p><p>O conte\u00fado dessas propostas varia de acordo com o tema de cada edi\u00e7\u00e3o, mas todos os anos o Parlamento Jovem (PJ) se encerra na capital mineira, com os jovens ocupando as cadeiras dos deputados, em uma Plen\u00e1ria que re\u00fane estudantes de todas as regi\u00f5es do estado. Cerca de 150 cidades participam da iniciativa. \u00c9 neste momento que eles definem o documento final, com as ideias mais bem votadas.<\/p><p>O projeto tem cerca de oito meses de dura\u00e7\u00e3o. As oficinas oferecidas pela C\u00e2mara de S\u00e3o Louren\u00e7o s\u00e3o organizadas \u00e0 luz da forma\u00e7\u00e3o cidad\u00e3, com din\u00e2micas de grupo propostas por fil\u00f3sofos, advogados, cientistas sociais e historiadores, entre outros profissionais. As atividades s\u00e3o interativas, l\u00fadicas e instigantes, tratando do surgimento da democracia, da divis\u00e3o dos tr\u00eas poderes e das atribui\u00e7\u00f5es de cada um deles.<\/p><p>As oficinas relacionadas ao tema daquela edi\u00e7\u00e3o, o qual \u00e9 definido em Belo Horizonte pelos pr\u00f3prios jovens no ano anterior ao in\u00edcio do projeto, s\u00e3o ministradas por profissionais aptos a trabalharem cada assunto. A C\u00e2mara de S\u00e3o Louren\u00e7o busca fazer parcerias para otimizar o cronograma e agregar ao projeto.<\/p><p><strong>O passo-a-passo<\/strong><\/p><p>No in\u00edcio do ano, h\u00e1 a capta\u00e7\u00e3o dos participantes e dos parceiros. A Escola do Legislativo, com o apoio das escolas estaduais e particulares da cidade, visita as salas de aula do Ensino M\u00e9dio para divulgar o projeto e possibilitar a inscri\u00e7\u00e3o pr\u00e9via dos alunos. Nesse momento eles s\u00e3o convidados para o Lan\u00e7amento oficial do Parlamento Jovem de Minas em S\u00e3o Louren\u00e7o, quando a iniciativa \u00e9 explicada com mais detalhes. Essa fase geralmente acontece entre fevereiro e mar\u00e7o.<\/p><p>As oficinas de forma\u00e7\u00e3o pol\u00edtica e tem\u00e1tica t\u00eam in\u00edcio uma semana depois do dia do Lan\u00e7amento. Entre os meses de mar\u00e7o e julho, os estudantes t\u00eam a oportunidade de aprofundarem seus conhecimentos e fazer contatos. As propostas, ent\u00e3o, s\u00e3o elaboradas e uma orienta\u00e7\u00e3o jur\u00eddica da C\u00e2mara \u00e9 oferecida a fim de evitar que alguma delas seja inconstitucional ou ilegal.<\/p><p>Todas as propostas s\u00e3o colocadas em vota\u00e7\u00e3o na chamada Plen\u00e1ria Municipal. Os jovens se sentam nas cadeiras dos vereadores, dentro da sede da C\u00e2mara de S\u00e3o Louren\u00e7o. Eles avaliam cada item, discutem e fazem destaques (um comparativo \u00e0s emendas). Al\u00e9m disso, devem priorizar aquelas que desejam levar \u00e0 pr\u00f3xima etapa.<\/p><p>As propostas priorizadas seguem para a Plen\u00e1ria Regional, onde estudantes de diversos munic\u00edpios se encontram para ter uma experi\u00eancia legislativa ainda maior. S\u00e3o Louren\u00e7o est\u00e1 no Polo Conex\u00e3o Sul com outras nove cidades. Como cada uma delas leva seu documento aprovado na etapa anterior, \u00e9 preciso conhecer todas as ideias e debat\u00ea-las em conjunto. Da mesma forma, as mais votadas v\u00e3o para a pr\u00f3xima fase, na capital mineira.<\/p><p>Em Belo Horizonte, s\u00e3o tr\u00eas dias de viv\u00eancia pol\u00edtica e tem\u00e1tica. No \u00faltimo deles, \u00e9 realizada a Plen\u00e1ria Estadual. J\u00e1 no lugar dos deputados e ao vivo pela TV ALMG, os estudantes discutem e votam nas melhores propostas. O documento final \u00e9 entregue aos deputados, que podem aproveitar as ideias dos jovens para a elabora\u00e7\u00e3o de indica\u00e7\u00f5es, requerimentos e projetos de lei, como j\u00e1 aconteceu em v\u00e1rias edi\u00e7\u00f5es do projeto.<\/p><p><strong>Importante!<\/strong><\/p><p>Em todas as etapas do projeto n\u00f3s incentivamos os estudantes a pensar no bem comum. Cada proposta se torna um fruto da constru\u00e7\u00e3o coletiva a partir do momento que podem ser modificadas por outros alunos e devem ser aprovadas pela maioria durante uma plen\u00e1ria. Trabalhamos a todo momento os princ\u00edpios democr\u00e1ticos, pois o Parlamento Jovem busca solucionar quest\u00f5es sociais de interesse p\u00fablico.<\/p>\t\t\t\t\t\t<\/div>\n\t\t\t\t<\/div>\n\t\t\t\t<\/div>\n\t\t<div class=\"elementor-element elementor-element-4b99ef4e e-con-full e-flex e-con e-child\" data-id=\"4b99ef4e\" data-element_type=\"container\" data-settings=\"{&quot;content_width&quot;:&quot;full&quot;,&quot;background_background&quot;:&quot;classic&quot;}\">\n\t\t\t\t<div class=\"elementor-element elementor-element-635bd7d elementor-widget elementor-widget-heading\" data-id=\"635bd7d\" data-element_type=\"widget\" data-widget_type=\"heading.default\">\n\t\t\t\t<div class=\"elementor-widget-container\">\n\t\t\t<style>\/*! elementor - v3.16.0 - 17-10-2023 *\/\n.elementor-heading-title{padding:0;margin:0;line-height:1}.elementor-widget-heading .elementor-heading-title[class*=elementor-size-]>a{color:inherit;font-size:inherit;line-height:inherit}.elementor-widget-heading .elementor-heading-title.elementor-size-small{font-size:15px}.elementor-widget-heading .elementor-heading-title.elementor-size-medium{font-size:19px}.elementor-widget-heading .elementor-heading-title.elementor-size-large{font-size:29px}.elementor-widget-heading .elementor-heading-title.elementor-size-xl{font-size:39px}.elementor-widget-heading .elementor-heading-title.elementor-size-xxl{font-size:59px}<\/style><h5 class=\"elementor-heading-title elementor-size-default\">JOGOS DE NOSSAS COLE\u00c7\u00d5ES<\/h5>\t\t<\/div>\n\t\t\t\t<\/div>\n\t\t\t\t<div class=\"elementor-element elementor-element-1a59779f elementor-grid-1 elementor-posts--thumbnail-left elementor-grid-tablet-2 elementor-grid-mobile-1 elementor-widget elementor-widget-posts\" data-id=\"1a59779f\" data-element_type=\"widget\" data-settings=\"{&quot;classic_columns&quot;:&quot;1&quot;,&quot;classic_columns_tablet&quot;:&quot;2&quot;,&quot;classic_columns_mobile&quot;:&quot;1&quot;,&quot;classic_row_gap&quot;:{&quot;unit&quot;:&quot;px&quot;,&quot;size&quot;:35,&quot;sizes&quot;:[]},&quot;classic_row_gap_tablet&quot;:{&quot;unit&quot;:&quot;px&quot;,&quot;size&quot;:&quot;&quot;,&quot;sizes&quot;:[]},&quot;classic_row_gap_mobile&quot;:{&quot;unit&quot;:&quot;px&quot;,&quot;size&quot;:&quot;&quot;,&quot;sizes&quot;:[]}}\" data-widget_type=\"posts.classic\">\n\t\t\t\t<div class=\"elementor-widget-container\">\n\t\t\t<link rel=\"stylesheet\" href=\"https:\/\/sistemasgerenciais4.com.br\/escoladolegislativo\/wp-content\/plugins\/elementor-pro\/assets\/css\/widget-posts.min.css\">\t\t<div class=\"elementor-posts-container elementor-posts elementor-posts--skin-classic elementor-grid\">\n\t\t\t\t<article class=\"elementor-post elementor-grid-item post-89 post type-post status-publish format-standard has-post-thumbnail hentry category-ja-aqueceu-o-cerebro-aprenda-mais-na-biblioteca-magica category-jogos\">\n\t\t\t\t<a class=\"elementor-post__thumbnail__link\" href=\"https:\/\/sistemasgerenciais4.com.br\/escoladolegislativo\/oriente-o-gatinho-em-seu-primeiro-voo-de-vassoura\/\" tabindex=\"-1\" >\n\t\t\t<div class=\"elementor-post__thumbnail\"><img loading=\"lazy\" decoding=\"async\" width=\"300\" height=\"219\" src=\"https:\/\/sistemasgerenciais4.com.br\/escoladolegislativo\/wp-content\/uploads\/2023\/10\/WhatsApp-Image-2023-10-19-at-17.17.52-300x219.jpeg\" class=\"attachment-medium size-medium wp-image-88\" alt=\"\" srcset=\"https:\/\/sistemasgerenciais4.com.br\/escoladolegislativo\/wp-content\/uploads\/2023\/10\/WhatsApp-Image-2023-10-19-at-17.17.52-300x219.jpeg 300w, https:\/\/sistemasgerenciais4.com.br\/escoladolegislativo\/wp-content\/uploads\/2023\/10\/WhatsApp-Image-2023-10-19-at-17.17.52-1024x748.jpeg 1024w, https:\/\/sistemasgerenciais4.com.br\/escoladolegislativo\/wp-content\/uploads\/2023\/10\/WhatsApp-Image-2023-10-19-at-17.17.52-768x561.jpeg 768w, https:\/\/sistemasgerenciais4.com.br\/escoladolegislativo\/wp-content\/uploads\/2023\/10\/WhatsApp-Image-2023-10-19-at-17.17.52-1536x1122.jpeg 1536w, https:\/\/sistemasgerenciais4.com.br\/escoladolegislativo\/wp-content\/uploads\/2023\/10\/WhatsApp-Image-2023-10-19-at-17.17.52.jpeg 1600w\" sizes=\"auto, (max-width: 300px) 100vw, 300px\" \/><\/div>\n\t\t<\/a>\n\t\t\t\t<div class=\"elementor-post__text\">\n\t\t\t\t<h3 class=\"elementor-post__title\">\n\t\t\t<a href=\"https:\/\/sistemasgerenciais4.com.br\/escoladolegislativo\/oriente-o-gatinho-em-seu-primeiro-voo-de-vassoura\/\" >\n\t\t\t\tOriente o gatinho em seu primeiro voo de vassoura\t\t\t<\/a>\n\t\t<\/h3>\n\t\t\t\t<div class=\"elementor-post__excerpt\">\n\t\t\t<p>O gatinho Ron est\u00e1 aprendendo a voar na vassoura. A primeira tarefa \u00e9 encostar somente nos c\u00edrculos corretos. Como ainda \u00e9 um filhotinho, s\u00f3 tem<\/p>\n\t\t<\/div>\n\t\t\n\t\t<a class=\"elementor-post__read-more\" href=\"https:\/\/sistemasgerenciais4.com.br\/escoladolegislativo\/oriente-o-gatinho-em-seu-primeiro-voo-de-vassoura\/\" aria-label=\"Read more about Oriente o gatinho em seu primeiro voo de vassoura\" tabindex=\"-1\" >\n\t\t\tJogar \u00bb\t\t<\/a>\n\n\t\t\t\t<\/div>\n\t\t\t\t<\/article>\n\t\t\t\t<article class=\"elementor-post elementor-grid-item post-116 post type-post status-publish format-standard has-post-thumbnail hentry category-nem-so-da-bang-bang-vive-o-velho-oeste category-jogos\">\n\t\t\t\t<a class=\"elementor-post__thumbnail__link\" href=\"https:\/\/sistemasgerenciais4.com.br\/escoladolegislativo\/recolha-as-roupas-do-varal\/\" tabindex=\"-1\" >\n\t\t\t<div class=\"elementor-post__thumbnail\"><img loading=\"lazy\" decoding=\"async\" width=\"300\" height=\"206\" src=\"https:\/\/sistemasgerenciais4.com.br\/escoladolegislativo\/wp-content\/uploads\/2023\/10\/WhatsApp-Image-2023-10-24-at-16.12.28-300x206.jpeg\" class=\"attachment-medium size-medium wp-image-117\" alt=\"\" srcset=\"https:\/\/sistemasgerenciais4.com.br\/escoladolegislativo\/wp-content\/uploads\/2023\/10\/WhatsApp-Image-2023-10-24-at-16.12.28-300x206.jpeg 300w, https:\/\/sistemasgerenciais4.com.br\/escoladolegislativo\/wp-content\/uploads\/2023\/10\/WhatsApp-Image-2023-10-24-at-16.12.28-768x528.jpeg 768w, https:\/\/sistemasgerenciais4.com.br\/escoladolegislativo\/wp-content\/uploads\/2023\/10\/WhatsApp-Image-2023-10-24-at-16.12.28.jpeg 872w\" sizes=\"auto, (max-width: 300px) 100vw, 300px\" \/><\/div>\n\t\t<\/a>\n\t\t\t\t<div class=\"elementor-post__text\">\n\t\t\t\t<h3 class=\"elementor-post__title\">\n\t\t\t<a href=\"https:\/\/sistemasgerenciais4.com.br\/escoladolegislativo\/recolha-as-roupas-do-varal\/\" >\n\t\t\t\tRecolha as roupas do varal\t\t\t<\/a>\n\t\t<\/h3>\n\t\t\t\t<div class=\"elementor-post__excerpt\">\n\t\t\t<p>\u00c9 muita poeira e nada fica limpo. Mais uma vez voc\u00ea teve que lavar roupas e sem querer as misturou outras no varal comunit\u00e1rio. Memorize<\/p>\n\t\t<\/div>\n\t\t\n\t\t<a class=\"elementor-post__read-more\" href=\"https:\/\/sistemasgerenciais4.com.br\/escoladolegislativo\/recolha-as-roupas-do-varal\/\" aria-label=\"Read more about Recolha as roupas do varal\" tabindex=\"-1\" >\n\t\t\tJogar \u00bb\t\t<\/a>\n\n\t\t\t\t<\/div>\n\t\t\t\t<\/article>\n\t\t\t\t<article class=\"elementor-post elementor-grid-item post-91 post type-post status-publish format-standard has-post-thumbnail hentry category-ja-aqueceu-o-cerebro-aprenda-mais-na-biblioteca-magica category-jogos\">\n\t\t\t\t<a class=\"elementor-post__thumbnail__link\" href=\"https:\/\/sistemasgerenciais4.com.br\/escoladolegislativo\/enquanto-houver-conhecimento-voce-tera-luz\/\" tabindex=\"-1\" >\n\t\t\t<div class=\"elementor-post__thumbnail\"><img loading=\"lazy\" decoding=\"async\" width=\"300\" height=\"208\" src=\"https:\/\/sistemasgerenciais4.com.br\/escoladolegislativo\/wp-content\/uploads\/2023\/10\/WhatsApp-Image-2023-10-19-at-17.23.14-300x208.jpeg\" class=\"attachment-medium size-medium wp-image-87\" alt=\"\" srcset=\"https:\/\/sistemasgerenciais4.com.br\/escoladolegislativo\/wp-content\/uploads\/2023\/10\/WhatsApp-Image-2023-10-19-at-17.23.14-300x208.jpeg 300w, https:\/\/sistemasgerenciais4.com.br\/escoladolegislativo\/wp-content\/uploads\/2023\/10\/WhatsApp-Image-2023-10-19-at-17.23.14-1024x710.jpeg 1024w, https:\/\/sistemasgerenciais4.com.br\/escoladolegislativo\/wp-content\/uploads\/2023\/10\/WhatsApp-Image-2023-10-19-at-17.23.14-768x532.jpeg 768w, https:\/\/sistemasgerenciais4.com.br\/escoladolegislativo\/wp-content\/uploads\/2023\/10\/WhatsApp-Image-2023-10-19-at-17.23.14-1536x1065.jpeg 1536w, https:\/\/sistemasgerenciais4.com.br\/escoladolegislativo\/wp-content\/uploads\/2023\/10\/WhatsApp-Image-2023-10-19-at-17.23.14.jpeg 1600w\" sizes=\"auto, (max-width: 300px) 100vw, 300px\" \/><\/div>\n\t\t<\/a>\n\t\t\t\t<div class=\"elementor-post__text\">\n\t\t\t\t<h3 class=\"elementor-post__title\">\n\t\t\t<a href=\"https:\/\/sistemasgerenciais4.com.br\/escoladolegislativo\/enquanto-houver-conhecimento-voce-tera-luz\/\" >\n\t\t\t\tEnquanto houver conhecimento, voc\u00ea ter\u00e1 luz\t\t\t<\/a>\n\t\t<\/h3>\n\t\t\t\t<div class=\"elementor-post__excerpt\">\n\t\t\t<p>O conhecimento ilumina. Por isso mesmo o fogo n\u00e3o pode apagar. Na biblioteca m\u00e1gica, uma escolha errada de letra faz a vela diminuir. Voc\u00ea n\u00e3o<\/p>\n\t\t<\/div>\n\t\t\n\t\t<a class=\"elementor-post__read-more\" href=\"https:\/\/sistemasgerenciais4.com.br\/escoladolegislativo\/enquanto-houver-conhecimento-voce-tera-luz\/\" aria-label=\"Read more about Enquanto houver conhecimento, voc\u00ea ter\u00e1 luz\" tabindex=\"-1\" >\n\t\t\tJogar \u00bb\t\t<\/a>\n\n\t\t\t\t<\/div>\n\t\t\t\t<\/article>\n\t\t\t\t<article class=\"elementor-post elementor-grid-item post-100 post type-post status-publish format-standard has-post-thumbnail hentry category-nem-so-da-bang-bang-vive-o-velho-oeste category-jogos\">\n\t\t\t\t<a class=\"elementor-post__thumbnail__link\" href=\"https:\/\/sistemasgerenciais4.com.br\/escoladolegislativo\/a-boa-e-velha-cruzadinha\/\" tabindex=\"-1\" >\n\t\t\t<div class=\"elementor-post__thumbnail\"><img loading=\"lazy\" decoding=\"async\" width=\"300\" height=\"206\" src=\"https:\/\/sistemasgerenciais4.com.br\/escoladolegislativo\/wp-content\/uploads\/2023\/10\/WhatsApp-Image-2023-10-24-at-15.57.05-300x206.jpeg\" class=\"attachment-medium size-medium wp-image-101\" alt=\"\" srcset=\"https:\/\/sistemasgerenciais4.com.br\/escoladolegislativo\/wp-content\/uploads\/2023\/10\/WhatsApp-Image-2023-10-24-at-15.57.05-300x206.jpeg 300w, https:\/\/sistemasgerenciais4.com.br\/escoladolegislativo\/wp-content\/uploads\/2023\/10\/WhatsApp-Image-2023-10-24-at-15.57.05-768x528.jpeg 768w, https:\/\/sistemasgerenciais4.com.br\/escoladolegislativo\/wp-content\/uploads\/2023\/10\/WhatsApp-Image-2023-10-24-at-15.57.05.jpeg 872w\" sizes=\"auto, (max-width: 300px) 100vw, 300px\" \/><\/div>\n\t\t<\/a>\n\t\t\t\t<div class=\"elementor-post__text\">\n\t\t\t\t<h3 class=\"elementor-post__title\">\n\t\t\t<a href=\"https:\/\/sistemasgerenciais4.com.br\/escoladolegislativo\/a-boa-e-velha-cruzadinha\/\" >\n\t\t\t\tA boa e velha &#8220;cruzadinha&#8221;\t\t\t<\/a>\n\t\t<\/h3>\n\t\t\t\t<div class=\"elementor-post__excerpt\">\n\t\t\t<p>Clique em qualquer fileira e use as dicas para escrever a palavra que melhor se encaixa. Coloque a cabe\u00e7a para funcionar. Cruzadinha \u00e9 gin\u00e1stica para<\/p>\n\t\t<\/div>\n\t\t\n\t\t<a class=\"elementor-post__read-more\" href=\"https:\/\/sistemasgerenciais4.com.br\/escoladolegislativo\/a-boa-e-velha-cruzadinha\/\" aria-label=\"Read more about A boa e velha &#8220;cruzadinha&#8221;\" tabindex=\"-1\" >\n\t\t\tJogar \u00bb\t\t<\/a>\n\n\t\t\t\t<\/div>\n\t\t\t\t<\/article>\n\t\t\t\t<article class=\"elementor-post elementor-grid-item post-103 post type-post status-publish format-standard has-post-thumbnail hentry category-nem-so-da-bang-bang-vive-o-velho-oeste category-jogos\">\n\t\t\t\t<a class=\"elementor-post__thumbnail__link\" href=\"https:\/\/sistemasgerenciais4.com.br\/escoladolegislativo\/tem-toupeira-querendo-enganar-voce\/\" tabindex=\"-1\" >\n\t\t\t<div class=\"elementor-post__thumbnail\"><img loading=\"lazy\" decoding=\"async\" width=\"300\" height=\"206\" src=\"https:\/\/sistemasgerenciais4.com.br\/escoladolegislativo\/wp-content\/uploads\/2023\/10\/WhatsApp-Image-2023-10-24-at-16.00.01-300x206.jpeg\" class=\"attachment-medium size-medium wp-image-104\" alt=\"\" srcset=\"https:\/\/sistemasgerenciais4.com.br\/escoladolegislativo\/wp-content\/uploads\/2023\/10\/WhatsApp-Image-2023-10-24-at-16.00.01-300x206.jpeg 300w, https:\/\/sistemasgerenciais4.com.br\/escoladolegislativo\/wp-content\/uploads\/2023\/10\/WhatsApp-Image-2023-10-24-at-16.00.01-768x528.jpeg 768w, https:\/\/sistemasgerenciais4.com.br\/escoladolegislativo\/wp-content\/uploads\/2023\/10\/WhatsApp-Image-2023-10-24-at-16.00.01.jpeg 872w\" sizes=\"auto, (max-width: 300px) 100vw, 300px\" \/><\/div>\n\t\t<\/a>\n\t\t\t\t<div class=\"elementor-post__text\">\n\t\t\t\t<h3 class=\"elementor-post__title\">\n\t\t\t<a href=\"https:\/\/sistemasgerenciais4.com.br\/escoladolegislativo\/tem-toupeira-querendo-enganar-voce\/\" >\n\t\t\t\tTem toupeira querendo enganar voc\u00ea\t\t\t<\/a>\n\t\t<\/h3>\n\t\t\t\t<div class=\"elementor-post__excerpt\">\n\t\t\t<p>As toupeiras do Velho Oeste adoram pregar pe\u00e7as. Clique somente nas placas que trazem as informa\u00e7\u00f5es corretas sobre o presidente da Rep\u00fablica. VER MAIS JOGOS<\/p>\n\t\t<\/div>\n\t\t\n\t\t<a class=\"elementor-post__read-more\" href=\"https:\/\/sistemasgerenciais4.com.br\/escoladolegislativo\/tem-toupeira-querendo-enganar-voce\/\" aria-label=\"Read more about Tem toupeira querendo enganar voc\u00ea\" tabindex=\"-1\" >\n\t\t\tJogar \u00bb\t\t<\/a>\n\n\t\t\t\t<\/div>\n\t\t\t\t<\/article>\n\t\t\t\t<article class=\"elementor-post elementor-grid-item post-119 post type-post status-publish format-standard has-post-thumbnail hentry category-nem-so-da-bang-bang-vive-o-velho-oeste category-jogos\">\n\t\t\t\t<a class=\"elementor-post__thumbnail__link\" href=\"https:\/\/sistemasgerenciais4.com.br\/escoladolegislativo\/quanta-bagunca\/\" tabindex=\"-1\" >\n\t\t\t<div class=\"elementor-post__thumbnail\"><img loading=\"lazy\" decoding=\"async\" width=\"300\" height=\"206\" src=\"https:\/\/sistemasgerenciais4.com.br\/escoladolegislativo\/wp-content\/uploads\/2023\/10\/WhatsApp-Image-2023-10-24-at-16.15.47-300x206.jpeg\" class=\"attachment-medium size-medium wp-image-120\" alt=\"\" srcset=\"https:\/\/sistemasgerenciais4.com.br\/escoladolegislativo\/wp-content\/uploads\/2023\/10\/WhatsApp-Image-2023-10-24-at-16.15.47-300x206.jpeg 300w, https:\/\/sistemasgerenciais4.com.br\/escoladolegislativo\/wp-content\/uploads\/2023\/10\/WhatsApp-Image-2023-10-24-at-16.15.47-768x528.jpeg 768w, https:\/\/sistemasgerenciais4.com.br\/escoladolegislativo\/wp-content\/uploads\/2023\/10\/WhatsApp-Image-2023-10-24-at-16.15.47.jpeg 872w\" sizes=\"auto, (max-width: 300px) 100vw, 300px\" \/><\/div>\n\t\t<\/a>\n\t\t\t\t<div class=\"elementor-post__text\">\n\t\t\t\t<h3 class=\"elementor-post__title\">\n\t\t\t<a href=\"https:\/\/sistemasgerenciais4.com.br\/escoladolegislativo\/quanta-bagunca\/\" >\n\t\t\t\tQuanta bagun\u00e7a\t\t\t<\/a>\n\t\t<\/h3>\n\t\t\t\t<div class=\"elementor-post__excerpt\">\n\t\t\t<p>Olha s\u00f3 essa confus\u00e3o. Voc\u00ea foi contratado para resolver o problema e colocar as palavras em ordem. VER MAIS JOGOS DA MESMA\u00a0CATEGORIA<\/p>\n\t\t<\/div>\n\t\t\n\t\t<a class=\"elementor-post__read-more\" href=\"https:\/\/sistemasgerenciais4.com.br\/escoladolegislativo\/quanta-bagunca\/\" aria-label=\"Read more about Quanta bagun\u00e7a\" tabindex=\"-1\" >\n\t\t\tJogar \u00bb\t\t<\/a>\n\n\t\t\t\t<\/div>\n\t\t\t\t<\/article>\n\t\t\t\t<\/div>\n\t\t\n\t\t\t\t<\/div>\n\t\t\t\t<\/div>\n\t\t\t\t<\/div>\n\t\t\t\t\t<\/div>\n\t\t\t\t<\/div>\n\t\t\t\t\t\t\t<\/div>\n\t\t","protected":false},"excerpt":{"rendered":"<p>&#8211; Conhe\u00e7a o Instagram do nosso polo: @conexaosul_pjminas O objetivo do Parlamento Jovem \u00e9 despertar nos adolescentes a vontade de contribuir com a sociedade, por meio da participa\u00e7\u00e3o pol\u00edtica. Por isso, eles s\u00e3o trazidos para dentro da C\u00e2mara Municipal de S\u00e3o Louren\u00e7o, onde participam de diversas oficinas. Por meio do projeto, estudantes do Ensino M\u00e9dio [&hellip;]<\/p>\n","protected":false},"author":1,"featured_media":0,"parent":0,"menu_order":0,"comment_status":"closed","ping_status":"closed","template":"","meta":{"footnotes":""},"class_list":["post-412","page","type-page","status-publish","hentry"],"_links":{"self":[{"href":"https:\/\/sistemasgerenciais4.com.br\/escoladolegislativo\/wp-json\/wp\/v2\/pages\/412","targetHints":{"allow":["GET"]}}],"collection":[{"href":"https:\/\/sistemasgerenciais4.com.br\/escoladolegislativo\/wp-json\/wp\/v2\/pages"}],"about":[{"href":"https:\/\/sistemasgerenciais4.com.br\/escoladolegislativo\/wp-json\/wp\/v2\/types\/page"}],"author":[{"embeddable":true,"href":"https:\/\/sistemasgerenciais4.com.br\/escoladolegislativo\/wp-json\/wp\/v2\/users\/1"}],"replies":[{"embeddable":true,"href":"https:\/\/sistemasgerenciais4.com.br\/escoladolegislativo\/wp-json\/wp\/v2\/comments?post=412"}],"version-history":[{"count":4,"href":"https:\/\/sistemasgerenciais4.com.br\/escoladolegislativo\/wp-json\/wp\/v2\/pages\/412\/revisions"}],"predecessor-version":[{"id":417,"href":"https:\/\/sistemasgerenciais4.com.br\/escoladolegislativo\/wp-json\/wp\/v2\/pages\/412\/revisions\/417"}],"wp:attachment":[{"href":"https:\/\/sistemasgerenciais4.com.br\/escoladolegislativo\/wp-json\/wp\/v2\/media?parent=412"}],"curies":[{"name":"wp","href":"https:\/\/api.w.org\/{rel}","templated":true}]}}