{"id":468,"date":"2025-07-03T02:37:23","date_gmt":"2025-07-03T02:37:23","guid":{"rendered":"https:\/\/sistemasgerenciais4.com.br\/escoladolegislativo\/?page_id=468"},"modified":"2025-08-04T19:21:33","modified_gmt":"2025-08-04T19:21:33","slug":"vii-encontro-da-rede-mineira-de-escolas-do-legislativo","status":"publish","type":"page","link":"https:\/\/sistemasgerenciais4.com.br\/escoladolegislativo\/vii-encontro-da-rede-mineira-de-escolas-do-legislativo\/","title":{"rendered":"VII ENCONTRO DA REDE MINEIRA DE ESCOLAS DO LEGISLATIVO"},"content":{"rendered":"\t\t<div data-elementor-type=\"wp-page\" data-elementor-id=\"468\" class=\"elementor elementor-468\" data-elementor-post-type=\"page\">\n\t\t\t\t\t\t\t<div class=\"elementor-element elementor-element-5f6946a e-flex e-con-boxed e-con e-parent\" data-id=\"5f6946a\" data-element_type=\"container\" data-settings=\"{&quot;content_width&quot;:&quot;boxed&quot;}\" data-core-v316-plus=\"true\">\n\t\t\t\t\t<div class=\"e-con-inner\">\n\t\t\t\t<div class=\"elementor-element elementor-element-9585d05 elementor-widget elementor-widget-text-editor\" data-id=\"9585d05\" data-element_type=\"widget\" data-widget_type=\"text-editor.default\">\n\t\t\t\t<div class=\"elementor-widget-container\">\n\t\t\t<style>\/*! elementor - v3.16.0 - 17-10-2023 *\/\n.elementor-widget-text-editor.elementor-drop-cap-view-stacked .elementor-drop-cap{background-color:#69727d;color:#fff}.elementor-widget-text-editor.elementor-drop-cap-view-framed .elementor-drop-cap{color:#69727d;border:3px solid;background-color:transparent}.elementor-widget-text-editor:not(.elementor-drop-cap-view-default) .elementor-drop-cap{margin-top:8px}.elementor-widget-text-editor:not(.elementor-drop-cap-view-default) .elementor-drop-cap-letter{width:1em;height:1em}.elementor-widget-text-editor .elementor-drop-cap{float:left;text-align:center;line-height:1;font-size:50px}.elementor-widget-text-editor .elementor-drop-cap-letter{display:inline-block}<\/style>\t\t\t\t<p style=\"text-align: justify;\"><span style=\"color: #000000;\">A cidade de S\u00e3o Louren\u00e7o tem o prazer de sediar o VII Encontro da Rede Mineira de Escolas do Legislativo, entre os dias 20 e 22 de agosto de 2025, reunindo representantes de institui\u00e7\u00f5es que se dedicam \u00e0 educa\u00e7\u00e3o para a democracia. Ficamos honrados em receber esse grande evento no ano em que nossa Escola do Legislativo completa uma d\u00e9cada de exist\u00eancia. Esperamos todos voc\u00eas para um valioso ambiente de troca de boas pr\u00e1ticas, inova\u00e7\u00e3o, divulga\u00e7\u00e3o de conhecimento e fortalecimento institucional.<\/span><\/p>\t\t\t\t\t\t<\/div>\n\t\t\t\t<\/div>\n\t\t\t\t<div class=\"elementor-element elementor-element-30c326d elementor-widget elementor-widget-heading\" data-id=\"30c326d\" data-element_type=\"widget\" data-widget_type=\"heading.default\">\n\t\t\t\t<div class=\"elementor-widget-container\">\n\t\t\t<style>\/*! elementor - v3.16.0 - 17-10-2023 *\/\n.elementor-heading-title{padding:0;margin:0;line-height:1}.elementor-widget-heading .elementor-heading-title[class*=elementor-size-]>a{color:inherit;font-size:inherit;line-height:inherit}.elementor-widget-heading .elementor-heading-title.elementor-size-small{font-size:15px}.elementor-widget-heading .elementor-heading-title.elementor-size-medium{font-size:19px}.elementor-widget-heading .elementor-heading-title.elementor-size-large{font-size:29px}.elementor-widget-heading .elementor-heading-title.elementor-size-xl{font-size:39px}.elementor-widget-heading .elementor-heading-title.elementor-size-xxl{font-size:59px}<\/style><h2 class=\"elementor-heading-title elementor-size-default\">Clique sobre as imagens abaixo para ampli\u00e1-las:<\/h2>\t\t<\/div>\n\t\t\t\t<\/div>\n\t\t\t\t\t<\/div>\n\t\t\t\t<\/div>\n\t\t<div class=\"elementor-element elementor-element-49d1d86 e-flex e-con-boxed e-con e-parent\" data-id=\"49d1d86\" data-element_type=\"container\" data-settings=\"{&quot;content_width&quot;:&quot;boxed&quot;}\" data-core-v316-plus=\"true\">\n\t\t\t\t\t<div class=\"e-con-inner\">\n\t\t<div class=\"elementor-element elementor-element-9dee834 e-con-full e-flex e-con e-child\" data-id=\"9dee834\" data-element_type=\"container\" data-settings=\"{&quot;content_width&quot;:&quot;full&quot;}\">\n\t\t\t\t<div class=\"elementor-element elementor-element-15bd90d elementor-widget elementor-widget-image\" data-id=\"15bd90d\" data-element_type=\"widget\" data-widget_type=\"image.default\">\n\t\t\t\t<div class=\"elementor-widget-container\">\n\t\t\t<style>\/*! elementor - v3.16.0 - 17-10-2023 *\/\n.elementor-widget-image{text-align:center}.elementor-widget-image a{display:inline-block}.elementor-widget-image a img[src$=\".svg\"]{width:48px}.elementor-widget-image img{vertical-align:middle;display:inline-block}<\/style>\t\t\t\t\t\t\t\t\t\t\t\t\t<a href=\"https:\/\/sistemasgerenciais4.com.br\/escoladolegislativo\/wp-content\/uploads\/2025\/07\/01_encontro.jpeg\" data-elementor-open-lightbox=\"yes\" data-elementor-lightbox-title=\"Encontro da Rede Mineira de Escolas do Legislativo\" data-e-action-hash=\"#elementor-action%3Aaction%3Dlightbox%26settings%3DeyJpZCI6NDcwLCJ1cmwiOiJodHRwczpcL1wvc2lzdGVtYXNnZXJlbmNpYWlzNC5jb20uYnJcL2VzY29sYWRvbGVnaXNsYXRpdm9cL3dwLWNvbnRlbnRcL3VwbG9hZHNcLzIwMjVcLzA3XC8wMV9lbmNvbnRyby5qcGVnIn0%3D\">\n\t\t\t\t\t\t\t<img loading=\"lazy\" decoding=\"async\" width=\"696\" height=\"871\" src=\"https:\/\/sistemasgerenciais4.com.br\/escoladolegislativo\/wp-content\/uploads\/2025\/07\/01_encontro.jpeg\" class=\"attachment-full size-full wp-image-470\" alt=\"\" srcset=\"https:\/\/sistemasgerenciais4.com.br\/escoladolegislativo\/wp-content\/uploads\/2025\/07\/01_encontro.jpeg 696w, https:\/\/sistemasgerenciais4.com.br\/escoladolegislativo\/wp-content\/uploads\/2025\/07\/01_encontro-240x300.jpeg 240w\" sizes=\"auto, (max-width: 696px) 100vw, 696px\" \/>\t\t\t\t\t\t\t\t<\/a>\n\t\t\t\t\t\t\t\t\t\t\t\t\t\t\t<\/div>\n\t\t\t\t<\/div>\n\t\t\t\t<\/div>\n\t\t<div class=\"elementor-element elementor-element-2785cde e-con-full e-flex e-con e-child\" data-id=\"2785cde\" data-element_type=\"container\" data-settings=\"{&quot;content_width&quot;:&quot;full&quot;}\">\n\t\t\t\t<div class=\"elementor-element elementor-element-7f08063 elementor-widget elementor-widget-image\" data-id=\"7f08063\" data-element_type=\"widget\" data-widget_type=\"image.default\">\n\t\t\t\t<div class=\"elementor-widget-container\">\n\t\t\t\t\t\t\t\t\t\t\t\t\t\t\t\t<a href=\"https:\/\/sistemasgerenciais4.com.br\/escoladolegislativo\/wp-content\/uploads\/2025\/07\/02_encontro.jpeg\" data-elementor-open-lightbox=\"yes\" data-elementor-lightbox-title=\"Programa\u00e7\u00e3o do dia 20\" data-e-action-hash=\"#elementor-action%3Aaction%3Dlightbox%26settings%3DeyJpZCI6NDcxLCJ1cmwiOiJodHRwczpcL1wvc2lzdGVtYXNnZXJlbmNpYWlzNC5jb20uYnJcL2VzY29sYWRvbGVnaXNsYXRpdm9cL3dwLWNvbnRlbnRcL3VwbG9hZHNcLzIwMjVcLzA3XC8wMl9lbmNvbnRyby5qcGVnIn0%3D\">\n\t\t\t\t\t\t\t<img loading=\"lazy\" decoding=\"async\" width=\"696\" height=\"871\" src=\"https:\/\/sistemasgerenciais4.com.br\/escoladolegislativo\/wp-content\/uploads\/2025\/07\/02_encontro.jpeg\" class=\"attachment-full size-full wp-image-471\" alt=\"\" srcset=\"https:\/\/sistemasgerenciais4.com.br\/escoladolegislativo\/wp-content\/uploads\/2025\/07\/02_encontro.jpeg 696w, https:\/\/sistemasgerenciais4.com.br\/escoladolegislativo\/wp-content\/uploads\/2025\/07\/02_encontro-240x300.jpeg 240w\" sizes=\"auto, (max-width: 696px) 100vw, 696px\" \/>\t\t\t\t\t\t\t\t<\/a>\n\t\t\t\t\t\t\t\t\t\t\t\t\t\t\t<\/div>\n\t\t\t\t<\/div>\n\t\t\t\t<\/div>\n\t\t<div class=\"elementor-element elementor-element-7bf3e38 e-con-full e-flex e-con e-child\" data-id=\"7bf3e38\" data-element_type=\"container\" data-settings=\"{&quot;content_width&quot;:&quot;full&quot;}\">\n\t\t\t\t<div class=\"elementor-element elementor-element-12547e6 elementor-widget elementor-widget-image\" data-id=\"12547e6\" data-element_type=\"widget\" data-widget_type=\"image.default\">\n\t\t\t\t<div class=\"elementor-widget-container\">\n\t\t\t\t\t\t\t\t\t\t\t\t\t\t\t\t<a href=\"https:\/\/sistemasgerenciais4.com.br\/escoladolegislativo\/wp-content\/uploads\/2025\/07\/03_encontro.jpeg\" data-elementor-open-lightbox=\"yes\" data-elementor-lightbox-title=\"Programa\u00e7\u00e3o do dia 21\" data-e-action-hash=\"#elementor-action%3Aaction%3Dlightbox%26settings%3DeyJpZCI6NDcyLCJ1cmwiOiJodHRwczpcL1wvc2lzdGVtYXNnZXJlbmNpYWlzNC5jb20uYnJcL2VzY29sYWRvbGVnaXNsYXRpdm9cL3dwLWNvbnRlbnRcL3VwbG9hZHNcLzIwMjVcLzA3XC8wM19lbmNvbnRyby5qcGVnIn0%3D\">\n\t\t\t\t\t\t\t<img loading=\"lazy\" decoding=\"async\" width=\"696\" height=\"871\" src=\"https:\/\/sistemasgerenciais4.com.br\/escoladolegislativo\/wp-content\/uploads\/2025\/07\/03_encontro.jpeg\" class=\"attachment-large size-large wp-image-472\" alt=\"\" srcset=\"https:\/\/sistemasgerenciais4.com.br\/escoladolegislativo\/wp-content\/uploads\/2025\/07\/03_encontro.jpeg 696w, https:\/\/sistemasgerenciais4.com.br\/escoladolegislativo\/wp-content\/uploads\/2025\/07\/03_encontro-240x300.jpeg 240w\" sizes=\"auto, (max-width: 696px) 100vw, 696px\" \/>\t\t\t\t\t\t\t\t<\/a>\n\t\t\t\t\t\t\t\t\t\t\t\t\t\t\t<\/div>\n\t\t\t\t<\/div>\n\t\t\t\t<\/div>\n\t\t<div class=\"elementor-element elementor-element-021260b e-con-full e-flex e-con e-child\" data-id=\"021260b\" data-element_type=\"container\" data-settings=\"{&quot;content_width&quot;:&quot;full&quot;}\">\n\t\t\t\t<div class=\"elementor-element elementor-element-f9d5ebf elementor-widget elementor-widget-image\" data-id=\"f9d5ebf\" data-element_type=\"widget\" data-widget_type=\"image.default\">\n\t\t\t\t<div class=\"elementor-widget-container\">\n\t\t\t\t\t\t\t\t\t\t\t\t\t\t\t\t<a href=\"https:\/\/sistemasgerenciais4.com.br\/escoladolegislativo\/wp-content\/uploads\/2025\/07\/Dia-22.png\" data-elementor-open-lightbox=\"yes\" data-elementor-lightbox-title=\"Dia 22\" data-e-action-hash=\"#elementor-action%3Aaction%3Dlightbox%26settings%3DeyJpZCI6NTQ1LCJ1cmwiOiJodHRwczpcL1wvc2lzdGVtYXNnZXJlbmNpYWlzNC5jb20uYnJcL2VzY29sYWRvbGVnaXNsYXRpdm9cL3dwLWNvbnRlbnRcL3VwbG9hZHNcLzIwMjVcLzA3XC9EaWEtMjIucG5nIn0%3D\">\n\t\t\t\t\t\t\t<img loading=\"lazy\" decoding=\"async\" width=\"800\" height=\"1000\" src=\"https:\/\/sistemasgerenciais4.com.br\/escoladolegislativo\/wp-content\/uploads\/2025\/07\/Dia-22-819x1024.png\" class=\"attachment-large size-large wp-image-545\" alt=\"\" srcset=\"https:\/\/sistemasgerenciais4.com.br\/escoladolegislativo\/wp-content\/uploads\/2025\/07\/Dia-22-819x1024.png 819w, https:\/\/sistemasgerenciais4.com.br\/escoladolegislativo\/wp-content\/uploads\/2025\/07\/Dia-22-240x300.png 240w, https:\/\/sistemasgerenciais4.com.br\/escoladolegislativo\/wp-content\/uploads\/2025\/07\/Dia-22-768x960.png 768w, https:\/\/sistemasgerenciais4.com.br\/escoladolegislativo\/wp-content\/uploads\/2025\/07\/Dia-22.png 1080w\" sizes=\"auto, (max-width: 800px) 100vw, 800px\" \/>\t\t\t\t\t\t\t\t<\/a>\n\t\t\t\t\t\t\t\t\t\t\t\t\t\t\t<\/div>\n\t\t\t\t<\/div>\n\t\t\t\t<\/div>\n\t\t\t\t\t<\/div>\n\t\t\t\t<\/div>\n\t\t<div class=\"elementor-element elementor-element-259b2a5 e-flex e-con-boxed e-con e-parent\" data-id=\"259b2a5\" data-element_type=\"container\" data-settings=\"{&quot;content_width&quot;:&quot;boxed&quot;}\" data-core-v316-plus=\"true\">\n\t\t\t\t\t<div class=\"e-con-inner\">\n\t\t\t\t<div class=\"elementor-element elementor-element-db85cee elementor-widget-divider--view-line elementor-widget elementor-widget-divider\" data-id=\"db85cee\" data-element_type=\"widget\" data-widget_type=\"divider.default\">\n\t\t\t\t<div class=\"elementor-widget-container\">\n\t\t\t<style>\/*! elementor - v3.16.0 - 17-10-2023 *\/\n.elementor-widget-divider{--divider-border-style:none;--divider-border-width:1px;--divider-color:#0c0d0e;--divider-icon-size:20px;--divider-element-spacing:10px;--divider-pattern-height:24px;--divider-pattern-size:20px;--divider-pattern-url:none;--divider-pattern-repeat:repeat-x}.elementor-widget-divider .elementor-divider{display:flex}.elementor-widget-divider .elementor-divider__text{font-size:15px;line-height:1;max-width:95%}.elementor-widget-divider .elementor-divider__element{margin:0 var(--divider-element-spacing);flex-shrink:0}.elementor-widget-divider .elementor-icon{font-size:var(--divider-icon-size)}.elementor-widget-divider .elementor-divider-separator{display:flex;margin:0;direction:ltr}.elementor-widget-divider--view-line_icon .elementor-divider-separator,.elementor-widget-divider--view-line_text .elementor-divider-separator{align-items:center}.elementor-widget-divider--view-line_icon .elementor-divider-separator:after,.elementor-widget-divider--view-line_icon .elementor-divider-separator:before,.elementor-widget-divider--view-line_text .elementor-divider-separator:after,.elementor-widget-divider--view-line_text .elementor-divider-separator:before{display:block;content:\"\";border-bottom:0;flex-grow:1;border-top:var(--divider-border-width) var(--divider-border-style) var(--divider-color)}.elementor-widget-divider--element-align-left .elementor-divider .elementor-divider-separator>.elementor-divider__svg:first-of-type{flex-grow:0;flex-shrink:100}.elementor-widget-divider--element-align-left .elementor-divider-separator:before{content:none}.elementor-widget-divider--element-align-left .elementor-divider__element{margin-left:0}.elementor-widget-divider--element-align-right .elementor-divider .elementor-divider-separator>.elementor-divider__svg:last-of-type{flex-grow:0;flex-shrink:100}.elementor-widget-divider--element-align-right .elementor-divider-separator:after{content:none}.elementor-widget-divider--element-align-right .elementor-divider__element{margin-right:0}.elementor-widget-divider:not(.elementor-widget-divider--view-line_text):not(.elementor-widget-divider--view-line_icon) .elementor-divider-separator{border-top:var(--divider-border-width) var(--divider-border-style) var(--divider-color)}.elementor-widget-divider--separator-type-pattern{--divider-border-style:none}.elementor-widget-divider--separator-type-pattern.elementor-widget-divider--view-line .elementor-divider-separator,.elementor-widget-divider--separator-type-pattern:not(.elementor-widget-divider--view-line) .elementor-divider-separator:after,.elementor-widget-divider--separator-type-pattern:not(.elementor-widget-divider--view-line) .elementor-divider-separator:before,.elementor-widget-divider--separator-type-pattern:not([class*=elementor-widget-divider--view]) .elementor-divider-separator{width:100%;min-height:var(--divider-pattern-height);-webkit-mask-size:var(--divider-pattern-size) 100%;mask-size:var(--divider-pattern-size) 100%;-webkit-mask-repeat:var(--divider-pattern-repeat);mask-repeat:var(--divider-pattern-repeat);background-color:var(--divider-color);-webkit-mask-image:var(--divider-pattern-url);mask-image:var(--divider-pattern-url)}.elementor-widget-divider--no-spacing{--divider-pattern-size:auto}.elementor-widget-divider--bg-round{--divider-pattern-repeat:round}.rtl .elementor-widget-divider .elementor-divider__text{direction:rtl}.e-con-inner>.elementor-widget-divider,.e-con>.elementor-widget-divider{width:var(--container-widget-width,100%);--flex-grow:var(--container-widget-flex-grow)}<\/style>\t\t<div class=\"elementor-divider\">\n\t\t\t<span class=\"elementor-divider-separator\">\n\t\t\t\t\t\t<\/span>\n\t\t<\/div>\n\t\t\t\t<\/div>\n\t\t\t\t<\/div>\n\t\t\t\t\t<\/div>\n\t\t\t\t<\/div>\n\t\t<div class=\"elementor-element elementor-element-d1b46f0 e-flex e-con-boxed e-con e-parent\" data-id=\"d1b46f0\" data-element_type=\"container\" data-settings=\"{&quot;content_width&quot;:&quot;boxed&quot;}\" data-core-v316-plus=\"true\">\n\t\t\t\t\t<div class=\"e-con-inner\">\n\t\t\t\t<div class=\"elementor-element elementor-element-8f9704d elementor-widget elementor-widget-text-editor\" data-id=\"8f9704d\" data-element_type=\"widget\" data-widget_type=\"text-editor.default\">\n\t\t\t\t<div class=\"elementor-widget-container\">\n\t\t\t\t\t\t\t<p style=\"text-align: justify;\"><span style=\"color: #000000;\">Organizado pela C\u00e2mara Municipal de S\u00e3o Louren\u00e7o, por meio da Escola do Legislativo \u201cM\u00e1rio Calv\u00e3o da Silveira\u201d, o evento conta com a parceria da Assembleia Legislativa de Minas Gerais; da ABEL (Associa\u00e7\u00e3o Brasileira das Escolas do Legislativo e de Contas); da Prefeitura de S\u00e3o Louren\u00e7o, por meio da Secretaria Municipal de Cultura e Patrim\u00f4nio; da Faculdade S\u00e3o Louren\u00e7o e do Grupo Unis.<\/span><\/p><p style=\"text-align: left;\"><strong><span style=\"color: #000000;\">Por que participar?<\/span><\/strong><\/p><p style=\"text-align: left;\"><span style=\"color: #000000;\">O Encontro \u00e9 um espa\u00e7o fundamental para a valoriza\u00e7\u00e3o das pr\u00e1ticas de educa\u00e7\u00e3o legislativa e da forma\u00e7\u00e3o cidad\u00e3. A programa\u00e7\u00e3o inclui:<\/span><\/p><p style=\"text-align: left;\"><span style=\"color: #000000;\">-Palestras com especialistas renomados<\/span><\/p><p style=\"text-align: left;\"><span style=\"color: #000000;\">-Apresenta\u00e7\u00f5es de boas pr\u00e1ticas<\/span><\/p><p style=\"text-align: left;\"><span style=\"color: #000000;\">-Feira interativa com exposi\u00e7\u00e3o de projetos<\/span><\/p><p style=\"text-align: left;\"><span style=\"color: #000000;\">-Oficinas tem\u00e1ticas simult\u00e2neas<\/span><\/p><p style=\"text-align: left;\"><span style=\"color: #000000;\">-Momentos culturais e acad\u00eamicos<\/span><\/p><p style=\"text-align: left;\"><span style=\"color: #000000;\">-Debates sobre os desafios e o futuro das Escolas do Legislativo<\/span><\/p><p style=\"text-align: left;\"><strong><span style=\"color: #000000;\">Sobre S\u00e3o Louren\u00e7o<\/span><\/strong><\/p><p style=\"text-align: left;\"><span style=\"color: #000000;\">Localizada no cora\u00e7\u00e3o do Circuito das \u00c1guas de Minas Gerais, S\u00e3o Louren\u00e7o encanta por sua hospitalidade, infraestrutura tur\u00edstica e belezas naturais. A cidade \u00e9 famosa por seu Parque das \u00c1guas, gastronomia, clima ameno e por oferecer uma experi\u00eancia acolhedora a seus visitantes. Aqui tamb\u00e9m tem Maria Fuma\u00e7a e voo de bal\u00e3o.<\/span><\/p><p style=\"text-align: left;\"><strong><span style=\"color: #000000;\">Dist\u00e2ncias aproximadas:<\/span><\/strong><\/p><p style=\"text-align: left;\"><span style=\"color: #000000;\">&#8211; 370 km de Belo Horizonte<\/span><br \/><span style=\"color: #000000;\">&#8211; 280 km do Rio de Janeiro<\/span><br \/><span style=\"color: #000000;\">&#8211; 300 km de S\u00e3o Paulo<\/span><\/p><p style=\"text-align: left;\"><span style=\"color: #000000;\">A localiza\u00e7\u00e3o privilegiada torna S\u00e3o Louren\u00e7o um ponto de encontro acess\u00edvel para participantes de todo o estado e de outros centros urbanos.<\/span><\/p><p style=\"text-align: left;\"><strong><span style=\"color: #000000;\">Como participar?<\/span><\/strong><\/p><p style=\"text-align: left;\"><span style=\"color: #000000;\">O VII Encontro oferece duas modalidades de inscri\u00e7\u00e3o:<\/span><\/p><p><span style=\"color: #000000;\">&#8211; Inscri\u00e7\u00e3o individual<\/span><br \/><span style=\"color: #000000;\">Para parlamentares, servidores e demais pessoas ligadas \u00e0s Escolas do Legislativo.<\/span><\/p><p style=\"text-align: left;\"><span style=\"color: #000000;\">&#8211; Inscri\u00e7\u00e3o institucional (por Escola do Legislativo)<\/span><br \/><span style=\"color: #000000;\">Para Escolas que desejam apresentar seus projetos de boas pr\u00e1ticas. S\u00e3o duas modalidades e \u00e9 permitida a participa\u00e7\u00e3o em ambas:<\/span><\/p><p style=\"text-align: left;\"><span style=\"color: #000000;\">1) No audit\u00f3rio principal, durante as trocas de boas pr\u00e1ticas<\/span><\/p><p style=\"text-align: left;\"><span style=\"color: #000000;\">2) Nos stands da feira interativa, com exposi\u00e7\u00e3o visual e materiais.<\/span><\/p><p style=\"text-align: left;\"><span style=\"color: #000000;\">A mesma Escola pode se inscrever nas duas formas de apresenta\u00e7\u00e3o, caso deseje. As instru\u00e7\u00f5es e o formul\u00e1rio de inscri\u00e7\u00e3o est\u00e3o dispon\u00edveis logo abaixo.<\/span><\/p><p style=\"text-align: left;\"><span style=\"color: #000000;\">\ud83d\udccdLocal do evento: Faculdade S\u00e3o Louren\u00e7o \u2013 Rua Madame Schimidt, 90, bairro Federal.<\/span><\/p><p style=\"text-align: left;\"><strong><span style=\"color: #000000;\">Programe-se, inscreva-se e venha fazer parte deste momento \u00fanico de constru\u00e7\u00e3o coletiva em prol da educa\u00e7\u00e3o legislativa e do fortalecimento da democracia!<\/span><\/strong><\/p><p style=\"text-align: left;\"><span style=\"color: #000000;\">S\u00e3o Louren\u00e7o espera voc\u00ea com a hospitalidade de sempre.<\/span><\/p>\t\t\t\t\t\t<\/div>\n\t\t\t\t<\/div>\n\t\t\t\t\t<\/div>\n\t\t\t\t<\/div>\n\t\t<div class=\"elementor-element elementor-element-027803b e-flex e-con-boxed e-con e-parent\" data-id=\"027803b\" data-element_type=\"container\" data-settings=\"{&quot;content_width&quot;:&quot;boxed&quot;}\" data-core-v316-plus=\"true\">\n\t\t\t\t\t<div class=\"e-con-inner\">\n\t\t\t\t<div class=\"elementor-element elementor-element-1aedc3d elementor-widget-divider--view-line elementor-widget elementor-widget-divider\" data-id=\"1aedc3d\" data-element_type=\"widget\" data-widget_type=\"divider.default\">\n\t\t\t\t<div class=\"elementor-widget-container\">\n\t\t\t\t\t<div class=\"elementor-divider\">\n\t\t\t<span class=\"elementor-divider-separator\">\n\t\t\t\t\t\t<\/span>\n\t\t<\/div>\n\t\t\t\t<\/div>\n\t\t\t\t<\/div>\n\t\t\t\t\t<\/div>\n\t\t\t\t<\/div>\n\t\t<div class=\"elementor-element elementor-element-59e1ee3 e-flex e-con-boxed e-con e-parent\" data-id=\"59e1ee3\" data-element_type=\"container\" data-settings=\"{&quot;content_width&quot;:&quot;boxed&quot;}\" data-core-v316-plus=\"true\">\n\t\t\t\t\t<div class=\"e-con-inner\">\n\t\t\t\t<div class=\"elementor-element elementor-element-3967aea elementor-widget elementor-widget-heading\" data-id=\"3967aea\" data-element_type=\"widget\" data-widget_type=\"heading.default\">\n\t\t\t\t<div class=\"elementor-widget-container\">\n\t\t\t<h2 class=\"elementor-heading-title elementor-size-default\">Edital de Sele\u00e7\u00e3o para Apresenta\u00e7\u00e3o de Projetos das Escolas do Legislativo<\/h2>\t\t<\/div>\n\t\t\t\t<\/div>\n\t\t\t\t<div class=\"elementor-element elementor-element-86857ba elementor-widget elementor-widget-text-editor\" data-id=\"86857ba\" data-element_type=\"widget\" data-widget_type=\"text-editor.default\">\n\t\t\t\t<div class=\"elementor-widget-container\">\n\t\t\t\t\t\t\t<p style=\"text-align: justify;\"><span style=\"color: #000000;\">Para inscrever o seu projeto, leia o Edital abaixo e envie o arquivo solicitado para o e-mail: <\/span><span style=\"color: #3366ff;\">escoladolegislativo@camarasl.mg.gov.br<\/span><\/p>\t\t\t\t\t\t<\/div>\n\t\t\t\t<\/div>\n\t\t\t\t<div class=\"elementor-element elementor-element-94e3679 elementor-widget elementor-widget-button\" data-id=\"94e3679\" data-element_type=\"widget\" data-widget_type=\"button.default\">\n\t\t\t\t<div class=\"elementor-widget-container\">\n\t\t\t\t\t<div class=\"elementor-button-wrapper\">\n\t\t\t<a class=\"elementor-button elementor-button-link elementor-size-sm\" href=\"https:\/\/sistemasgerenciais4.com.br\/escoladolegislativo\/wp-content\/uploads\/2025\/08\/EDITAL_DE_SELECAO_PARA_APRESENTACAO_DE_PROJETOS_DAS_ESCOLAS_DO_LEGISLATIVO.docx\">\n\t\t\t\t\t\t<span class=\"elementor-button-content-wrapper\">\n\t\t\t\t\t\t<span class=\"elementor-button-text\">Clique aqui para download do Edital<\/span>\n\t\t<\/span>\n\t\t\t\t\t<\/a>\n\t\t<\/div>\n\t\t\t\t<\/div>\n\t\t\t\t<\/div>\n\t\t\t\t\t<\/div>\n\t\t\t\t<\/div>\n\t\t<div class=\"elementor-element elementor-element-f8f6f4e e-flex e-con-boxed e-con e-parent\" data-id=\"f8f6f4e\" data-element_type=\"container\" data-settings=\"{&quot;content_width&quot;:&quot;boxed&quot;}\" data-core-v316-plus=\"true\">\n\t\t\t\t\t<div class=\"e-con-inner\">\n\t\t\t\t<div class=\"elementor-element elementor-element-843b436 elementor-widget-divider--view-line elementor-widget elementor-widget-divider\" data-id=\"843b436\" data-element_type=\"widget\" data-widget_type=\"divider.default\">\n\t\t\t\t<div class=\"elementor-widget-container\">\n\t\t\t\t\t<div class=\"elementor-divider\">\n\t\t\t<span class=\"elementor-divider-separator\">\n\t\t\t\t\t\t<\/span>\n\t\t<\/div>\n\t\t\t\t<\/div>\n\t\t\t\t<\/div>\n\t\t\t\t\t<\/div>\n\t\t\t\t<\/div>\n\t\t<div class=\"elementor-element elementor-element-f150668 e-flex e-con-boxed e-con e-parent\" data-id=\"f150668\" data-element_type=\"container\" data-settings=\"{&quot;content_width&quot;:&quot;boxed&quot;}\" data-core-v316-plus=\"true\">\n\t\t\t\t\t<div class=\"e-con-inner\">\n\t\t\t\t<div class=\"elementor-element elementor-element-404ff8b elementor-widget elementor-widget-heading\" data-id=\"404ff8b\" data-element_type=\"widget\" data-widget_type=\"heading.default\">\n\t\t\t\t<div class=\"elementor-widget-container\">\n\t\t\t<h2 class=\"elementor-heading-title elementor-size-default\">Formul\u00e1rio de Inscri\u00e7\u00e3o Individual:<\/h2>\t\t<\/div>\n\t\t\t\t<\/div>\n\t\t\t\t\t<\/div>\n\t\t\t\t<\/div>\n\t\t<div class=\"elementor-element elementor-element-1e8a336 e-flex e-con-boxed e-con e-parent\" data-id=\"1e8a336\" data-element_type=\"container\" data-settings=\"{&quot;content_width&quot;:&quot;boxed&quot;}\" data-core-v316-plus=\"true\">\n\t\t\t\t\t<div class=\"e-con-inner\">\n\t\t\t\t<div class=\"elementor-element elementor-element-e37bb85 elementor-button-align-stretch elementor-widget elementor-widget-form\" data-id=\"e37bb85\" data-element_type=\"widget\" data-settings=\"{&quot;step_next_label&quot;:&quot;Next&quot;,&quot;step_previous_label&quot;:&quot;Previous&quot;,&quot;button_width&quot;:&quot;100&quot;,&quot;step_type&quot;:&quot;number_text&quot;,&quot;step_icon_shape&quot;:&quot;circle&quot;}\" data-widget_type=\"form.default\">\n\t\t\t\t<div class=\"elementor-widget-container\">\n\t\t\t<style>\/*! elementor-pro - v3.16.0 - 20-09-2023 *\/\n.elementor-button.elementor-hidden,.elementor-hidden{display:none}.e-form__step{width:100%}.e-form__step:not(.elementor-hidden){display:flex;flex-wrap:wrap}.e-form__buttons{flex-wrap:wrap}.e-form__buttons,.e-form__buttons__wrapper{display:flex}.e-form__indicators{display:flex;justify-content:space-between;align-items:center;flex-wrap:nowrap;font-size:13px;margin-bottom:var(--e-form-steps-indicators-spacing)}.e-form__indicators__indicator{display:flex;flex-direction:column;align-items:center;justify-content:center;flex-basis:0;padding:0 var(--e-form-steps-divider-gap)}.e-form__indicators__indicator__progress{width:100%;position:relative;background-color:var(--e-form-steps-indicator-progress-background-color);border-radius:var(--e-form-steps-indicator-progress-border-radius);overflow:hidden}.e-form__indicators__indicator__progress__meter{width:var(--e-form-steps-indicator-progress-meter-width,0);height:var(--e-form-steps-indicator-progress-height);line-height:var(--e-form-steps-indicator-progress-height);padding-right:15px;border-radius:var(--e-form-steps-indicator-progress-border-radius);background-color:var(--e-form-steps-indicator-progress-color);color:var(--e-form-steps-indicator-progress-meter-color);text-align:right;transition:width .1s linear}.e-form__indicators__indicator:first-child{padding-left:0}.e-form__indicators__indicator:last-child{padding-right:0}.e-form__indicators__indicator--state-inactive{color:var(--e-form-steps-indicator-inactive-primary-color,#c2cbd2)}.e-form__indicators__indicator--state-inactive [class*=indicator--shape-]:not(.e-form__indicators__indicator--shape-none){background-color:var(--e-form-steps-indicator-inactive-secondary-color,#fff)}.e-form__indicators__indicator--state-inactive object,.e-form__indicators__indicator--state-inactive svg{fill:var(--e-form-steps-indicator-inactive-primary-color,#c2cbd2)}.e-form__indicators__indicator--state-active{color:var(--e-form-steps-indicator-active-primary-color,#39b54a);border-color:var(--e-form-steps-indicator-active-secondary-color,#fff)}.e-form__indicators__indicator--state-active [class*=indicator--shape-]:not(.e-form__indicators__indicator--shape-none){background-color:var(--e-form-steps-indicator-active-secondary-color,#fff)}.e-form__indicators__indicator--state-active object,.e-form__indicators__indicator--state-active svg{fill:var(--e-form-steps-indicator-active-primary-color,#39b54a)}.e-form__indicators__indicator--state-completed{color:var(--e-form-steps-indicator-completed-secondary-color,#fff)}.e-form__indicators__indicator--state-completed [class*=indicator--shape-]:not(.e-form__indicators__indicator--shape-none){background-color:var(--e-form-steps-indicator-completed-primary-color,#39b54a)}.e-form__indicators__indicator--state-completed .e-form__indicators__indicator__label{color:var(--e-form-steps-indicator-completed-primary-color,#39b54a)}.e-form__indicators__indicator--state-completed .e-form__indicators__indicator--shape-none{color:var(--e-form-steps-indicator-completed-primary-color,#39b54a);background-color:initial}.e-form__indicators__indicator--state-completed object,.e-form__indicators__indicator--state-completed svg{fill:var(--e-form-steps-indicator-completed-secondary-color,#fff)}.e-form__indicators__indicator__icon{width:var(--e-form-steps-indicator-padding,30px);height:var(--e-form-steps-indicator-padding,30px);font-size:var(--e-form-steps-indicator-icon-size);border-width:1px;border-style:solid;display:flex;justify-content:center;align-items:center;overflow:hidden;margin-bottom:10px}.e-form__indicators__indicator__icon img,.e-form__indicators__indicator__icon object,.e-form__indicators__indicator__icon svg{width:var(--e-form-steps-indicator-icon-size);height:auto}.e-form__indicators__indicator__icon .e-font-icon-svg{height:1em}.e-form__indicators__indicator__number{width:var(--e-form-steps-indicator-padding,30px);height:var(--e-form-steps-indicator-padding,30px);border-width:1px;border-style:solid;display:flex;justify-content:center;align-items:center;margin-bottom:10px}.e-form__indicators__indicator--shape-circle{border-radius:50%}.e-form__indicators__indicator--shape-square{border-radius:0}.e-form__indicators__indicator--shape-rounded{border-radius:5px}.e-form__indicators__indicator--shape-none{border:0}.e-form__indicators__indicator__label{text-align:center}.e-form__indicators__indicator__separator{width:100%;height:var(--e-form-steps-divider-width);background-color:#babfc5}.e-form__indicators--type-icon,.e-form__indicators--type-icon_text,.e-form__indicators--type-number,.e-form__indicators--type-number_text{align-items:flex-start}.e-form__indicators--type-icon .e-form__indicators__indicator__separator,.e-form__indicators--type-icon_text .e-form__indicators__indicator__separator,.e-form__indicators--type-number .e-form__indicators__indicator__separator,.e-form__indicators--type-number_text .e-form__indicators__indicator__separator{margin-top:calc(var(--e-form-steps-indicator-padding, 30px) \/ 2 - var(--e-form-steps-divider-width, 1px) \/ 2)}.elementor-field-type-hidden{display:none}.elementor-field-type-html{display:inline-block}.elementor-login .elementor-lost-password,.elementor-login .elementor-remember-me{font-size:.85em}.elementor-field-type-recaptcha_v3 .elementor-field-label{display:none}.elementor-field-type-recaptcha_v3 .grecaptcha-badge{z-index:1}.elementor-button .elementor-form-spinner{order:3}.elementor-form .elementor-button>span{display:flex;justify-content:center;align-items:center}.elementor-form .elementor-button .elementor-button-text{white-space:normal;flex-grow:0}.elementor-form .elementor-button svg{height:auto}.elementor-form .elementor-button .e-font-icon-svg{height:1em}.elementor-select-wrapper .select-caret-down-wrapper{position:absolute;top:50%;transform:translateY(-50%);inset-inline-end:10px;pointer-events:none;font-size:11px}.elementor-select-wrapper .select-caret-down-wrapper svg{display:unset;width:1em;aspect-ratio:unset;fill:currentColor}.elementor-select-wrapper .select-caret-down-wrapper i{font-size:19px;line-height:2}.elementor-select-wrapper.remove-before:before{content:\"\"!important}<\/style>\t\t<form class=\"elementor-form\" method=\"post\" name=\"Novo envio\">\n\t\t\t<input type=\"hidden\" name=\"post_id\" value=\"468\"\/>\n\t\t\t<input type=\"hidden\" name=\"form_id\" value=\"e37bb85\"\/>\n\t\t\t<input type=\"hidden\" name=\"referer_title\" value=\"\" \/>\n\n\t\t\t\n\t\t\t<div class=\"elementor-form-fields-wrapper elementor-labels-above\">\n\t\t\t\t\t\t\t\t<div class=\"elementor-field-type-text elementor-field-group elementor-column elementor-field-group-name elementor-col-100 elementor-field-required elementor-mark-required\">\n\t\t\t\t\t\t\t\t\t\t\t\t<label for=\"form-field-name\" class=\"elementor-field-label\">\n\t\t\t\t\t\t\t\tNome da C\u00e2mara\t\t\t\t\t\t\t<\/label>\n\t\t\t\t\t\t\t\t\t\t\t\t\t\t<input size=\"1\" type=\"text\" name=\"form_fields[name]\" id=\"form-field-name\" class=\"elementor-field elementor-size-sm  elementor-field-textual\" placeholder=\"Nome e cidade\" required=\"required\" aria-required=\"true\">\n\t\t\t\t\t\t\t\t\t\t\t<\/div>\n\t\t\t\t\t\t\t\t<div class=\"elementor-field-type-text elementor-field-group elementor-column elementor-field-group-field_bf7a984 elementor-col-100 elementor-field-required elementor-mark-required\">\n\t\t\t\t\t\t\t\t\t\t\t\t<label for=\"form-field-field_bf7a984\" class=\"elementor-field-label\">\n\t\t\t\t\t\t\t\tNome Completo\t\t\t\t\t\t\t<\/label>\n\t\t\t\t\t\t\t\t\t\t\t\t\t\t<input size=\"1\" type=\"text\" name=\"form_fields[field_bf7a984]\" id=\"form-field-field_bf7a984\" class=\"elementor-field elementor-size-sm  elementor-field-textual\" placeholder=\"Nome completo\" required=\"required\" aria-required=\"true\">\n\t\t\t\t\t\t\t\t\t\t\t<\/div>\n\t\t\t\t\t\t\t\t<div class=\"elementor-field-type-text elementor-field-group elementor-column elementor-field-group-field_d8ab8b4 elementor-col-100 elementor-field-required elementor-mark-required\">\n\t\t\t\t\t\t\t\t\t\t\t\t<label for=\"form-field-field_d8ab8b4\" class=\"elementor-field-label\">\n\t\t\t\t\t\t\t\tCargo\t\t\t\t\t\t\t<\/label>\n\t\t\t\t\t\t\t\t\t\t\t\t\t\t<input size=\"1\" type=\"text\" name=\"form_fields[field_d8ab8b4]\" id=\"form-field-field_d8ab8b4\" class=\"elementor-field elementor-size-sm  elementor-field-textual\" placeholder=\"Cargo ocupado na Institui\u00e7\u00e3o\" required=\"required\" aria-required=\"true\">\n\t\t\t\t\t\t\t\t\t\t\t<\/div>\n\t\t\t\t\t\t\t\t<div class=\"elementor-field-type-email elementor-field-group elementor-column elementor-field-group-email elementor-col-100 elementor-field-required elementor-mark-required\">\n\t\t\t\t\t\t\t\t\t\t\t\t<label for=\"form-field-email\" class=\"elementor-field-label\">\n\t\t\t\t\t\t\t\tE-mail\t\t\t\t\t\t\t<\/label>\n\t\t\t\t\t\t\t\t\t\t\t\t\t\t<input size=\"1\" type=\"email\" name=\"form_fields[email]\" id=\"form-field-email\" class=\"elementor-field elementor-size-sm  elementor-field-textual\" placeholder=\"E-mail para contato\" required=\"required\" aria-required=\"true\">\n\t\t\t\t\t\t\t\t\t\t\t<\/div>\n\t\t\t\t\t\t\t\t<div class=\"elementor-field-type-text elementor-field-group elementor-column elementor-field-group-field_e38a53a elementor-col-100\">\n\t\t\t\t\t\t\t\t\t\t\t\t<label for=\"form-field-field_e38a53a\" class=\"elementor-field-label\">\n\t\t\t\t\t\t\t\tTelefone com WhatsApp\t\t\t\t\t\t\t<\/label>\n\t\t\t\t\t\t\t\t\t\t\t\t\t\t<input size=\"1\" type=\"text\" name=\"form_fields[field_e38a53a]\" id=\"form-field-field_e38a53a\" class=\"elementor-field elementor-size-sm  elementor-field-textual\" placeholder=\"Telefone completo com DDD\">\n\t\t\t\t\t\t\t\t\t\t\t<\/div>\n\t\t\t\t\t\t\t\t<div class=\"elementor-field-type-textarea elementor-field-group elementor-column elementor-field-group-message elementor-col-100\">\n\t\t\t\t\t\t\t\t\t\t\t\t<label for=\"form-field-message\" class=\"elementor-field-label\">\n\t\t\t\t\t\t\t\tObserva\u00e7\u00f5es\t\t\t\t\t\t\t<\/label>\n\t\t\t\t\t\t<textarea class=\"elementor-field-textual elementor-field  elementor-size-sm\" name=\"form_fields[message]\" id=\"form-field-message\" rows=\"4\" placeholder=\"Exemplos: pessoa com defici\u00eancia ou locomo\u00e7\u00e3o reduzida; participar\u00e1 apenas de um dia; rec\u00e9m-ingressante em Escola do Legislativo; etc.)\"><\/textarea>\t\t\t\t<\/div>\n\t\t\t\t\t\t\t\t<div class=\"elementor-field-group elementor-column elementor-field-type-submit elementor-col-100 e-form__buttons\">\n\t\t\t\t\t<button type=\"submit\" class=\"elementor-button elementor-size-sm\">\n\t\t\t\t\t\t<span >\n\t\t\t\t\t\t\t\t\t\t\t\t\t\t\t<span class=\"elementor-align-icon-left elementor-button-icon\">\n\t\t\t\t\t\t\t\t\t<i aria-hidden=\"true\" class=\"far fa-paper-plane\"><\/i>\t\t\t\t\t\t\t\t\t\t\t\t\t\t\t\t\t<\/span>\n\t\t\t\t\t\t\t\t\t\t\t\t\t\t\t\t\t\t\t\t\t\t<span class=\"elementor-button-text\">Enviar Informa\u00e7\u00f5es<\/span>\n\t\t\t\t\t\t\t\t\t\t\t\t\t<\/span>\n\t\t\t\t\t<\/button>\n\t\t\t\t<\/div>\n\t\t\t<\/div>\n\t\t<\/form>\n\t\t\t\t<\/div>\n\t\t\t\t<\/div>\n\t\t\t\t\t<\/div>\n\t\t\t\t<\/div>\n\t\t\t\t\t\t\t<\/div>\n\t\t","protected":false},"excerpt":{"rendered":"<p>A cidade de S\u00e3o Louren\u00e7o tem o prazer de sediar o VII Encontro da Rede Mineira de Escolas do Legislativo, entre os dias 20 e 22 de agosto de 2025, reunindo representantes de institui\u00e7\u00f5es que se dedicam \u00e0 educa\u00e7\u00e3o para a democracia. Ficamos honrados em receber esse grande evento no ano em que nossa Escola [&hellip;]<\/p>\n","protected":false},"author":1,"featured_media":0,"parent":0,"menu_order":0,"comment_status":"closed","ping_status":"closed","template":"","meta":{"footnotes":""},"class_list":["post-468","page","type-page","status-publish","hentry"],"_links":{"self":[{"href":"https:\/\/sistemasgerenciais4.com.br\/escoladolegislativo\/wp-json\/wp\/v2\/pages\/468","targetHints":{"allow":["GET"]}}],"collection":[{"href":"https:\/\/sistemasgerenciais4.com.br\/escoladolegislativo\/wp-json\/wp\/v2\/pages"}],"about":[{"href":"https:\/\/sistemasgerenciais4.com.br\/escoladolegislativo\/wp-json\/wp\/v2\/types\/page"}],"author":[{"embeddable":true,"href":"https:\/\/sistemasgerenciais4.com.br\/escoladolegislativo\/wp-json\/wp\/v2\/users\/1"}],"replies":[{"embeddable":true,"href":"https:\/\/sistemasgerenciais4.com.br\/escoladolegislativo\/wp-json\/wp\/v2\/comments?post=468"}],"version-history":[{"count":74,"href":"https:\/\/sistemasgerenciais4.com.br\/escoladolegislativo\/wp-json\/wp\/v2\/pages\/468\/revisions"}],"predecessor-version":[{"id":556,"href":"https:\/\/sistemasgerenciais4.com.br\/escoladolegislativo\/wp-json\/wp\/v2\/pages\/468\/revisions\/556"}],"wp:attachment":[{"href":"https:\/\/sistemasgerenciais4.com.br\/escoladolegislativo\/wp-json\/wp\/v2\/media?parent=468"}],"curies":[{"name":"wp","href":"https:\/\/api.w.org\/{rel}","templated":true}]}}